{"id":183,"date":"2018-02-05T10:03:51","date_gmt":"2018-02-05T09:03:51","guid":{"rendered":"http:\/\/www.satutaskinen.com\/de\/?page_id=183"},"modified":"2026-04-01T17:10:07","modified_gmt":"2026-04-01T15:10:07","slug":"suomeksi","status":"publish","type":"page","link":"https:\/\/www.satutaskinen.com\/de\/audio-video\/suomeksi\/","title":{"rendered":"Suomeksi"},"content":{"rendered":"\n<p><strong><a href=\"https:\/\/www.youtube.com\/watch?v=nak6sccprtU\">Rosebud-kirjakauppa Postitalo.<\/a> <\/strong>P\u00e4ivi Koivisto haastatteli <em>Rakastan vierasta<\/em> -romaanista. Maaliskuu 2026.<\/p>\n\n\n\n<p><strong><a href=\"https:\/\/areena.yle.fi\/1-67953000\">Oivallus, joka muutti el\u00e4m\u00e4si<\/a>.<\/strong> YLE, toimittajana Marko Gustafsson 2024.<\/p>\n\n\n\n<p><strong><a href=\"https:\/\/areena.yle.fi\/1-65236198\">Luomiskertomus<\/a><\/strong>. YLE, toimittajana Jouko Salokorpi 2023.<\/p>\n\n\n\n<p><strong><a href=\"https:\/\/www.supla.fi\/episode\/af6a0160-5532-5b0c-85c2-7ab80a30604d\">Radiohaastattelu LUOMISTY\u00d6<\/a><\/strong> \/ Pieni Karanteenikirjakerho, Taru Torikka haastattelee 2023.<\/p>\n\n\n\n<p><a href=\"https:\/\/www.youtube.com\/watch?v=cDBhFivIMck\"><strong>Youtube \/ Kritiikin Uutiset Helsingin virtuaalisilla kirjamessuilla<\/strong><\/a> \/ Kritiikin Uutisten p\u00e4\u00e4toimittaja Martti-Tapio Kuuskoski haastattelee 2020. Keskustelun aiheina ovat vuoden 2019 kirjallisuuden nobelisti\u00a0Peter Handke\u00a0ja tottelemattomuus kirjallisuudessa, Joharin ikkuna -rakenne Taskisen omassa romaanitrilogiassa\u00a0<em>T\u00e4ydellinen paisti<\/em>\u00a0(2011),\u00a0<em>Katedraali<\/em>\u00a0(2014) ja\u00a0<em>Lapset<\/em>\u00a0(2017), sek\u00e4 kysymys siit\u00e4, mit\u00e4 tarinassa tapahtuu kun kriisi vaihtuu traumaan. Mitk\u00e4 ovat kriisi- ja traumakertomuksen keskeiset erot?<\/p>\n\n\n\n<p><strong><a href=\"https:\/\/areena.yle.fi\/audio\/1-50258449\">Kirjailija Satu Taskisen luona Wieniss\u00e4<\/a><\/strong> \/ YLE Kulttuurin kutsumana Euroopassa, sarja, toim. Maarit Lukkarinen 2019<\/p>\n\n\n\n<p><a href=\"https:\/\/www.youtube.com\/watch?v=7OvwbJB6xm8\"><strong>Youtube LAPSET \/&nbsp;<\/strong>Aamulehti 2018<\/a><\/p>\n\n\n\n<p><a href=\"http:\/\/www.radiohelsinki.fi\/2017\/04\/13\/podcast-lapset-romaani-tarjoaa-lukijalleen-lohtua\/\"><strong>Radiohaastattelu LAPSET<\/strong> \/ Radio Helsinki, Taru Torikka haastattelee 2017<\/a><\/p>\n\n\n\n<p><a href=\"https:\/\/areena.yle.fi\/1-3471911\"><strong>Kultakuume-ohjelma<\/strong> Kustavin kirjallisuusviikolta 2016<\/a><br>Jakke Holvas toim., mukana lyhyt haastattelu: Satu Taskinen, avajaisesitelm\u00e4n <a href=\"http:\/\/www.vkkustavissa.fi\/data\/uploads\/2016\/satu-taskisen-avajaisesitelmae-kustavin-kirjallisuusviikolle-2016.pdf\"><strong>&#8222;Taiteen itseisarvo. Ja: Mik\u00e4 taiteilijaa liikuttaa.&#8220;<\/strong><\/a> tiimoilta<\/p>\n\n\n\n<p><a href=\"https:\/\/areena.yle.fi\/1-2439669\"><strong>Televisiohaastattelu KATEDRAALI<\/strong> \/ Helsingin kirjamessut, Raisa Rauhamaa haastattelee 2014<\/a><\/p>\n\n\n\n<p><a href=\"https:\/\/areena.yle.fi\/1-2397291\"><strong>Televisiohaastattelu KATEDRAALI<\/strong> \/ YLE Aamun kirja, Seppo Puttonen ja Nadja Nowak haastattelevat 2014<\/a><\/p>\n\n\n\n<p><a href=\"https:\/\/yle.fi\/aihe\/artikkeli\/2014\/10\/09\/kun-perhe-juhlii-katastrofi-lahella\"><strong>Radiohaastattelu<\/strong> <strong>KATEDRAALI <\/strong>\/ YLE Viikon kirja,&nbsp;Nadja Nowak haastattelee 2014<\/a><\/p>\n\n\n\n<p><a href=\"https:\/\/areena.yle.fi\/1-https:\/\/areena.yle.fi\/1-1767218\"><strong>\u00c4\u00e4nikirja T\u00c4YDELLINEN PAISTI<\/strong>, YLE Radio Suomi, Radioteatteri, Mari Perankoski lukee 2012-2013<\/a><br><em>Ohjelmasarjan kuunteluaika on p\u00e4\u00e4ttynyt!<\/em><\/p>\n\n\n\n<p><a href=\"https:\/\/vimeo.com\/40083331\"><strong>Videotaltiointi T\u00c4YDELLINEN PAISTI<\/strong> \/ Taskinen lukee teostaan Prosak-proosaklubilla 2012<\/a><\/p>\n\n\n\n<p><a href=\"https:\/\/vimeo.com\/39342536\"><strong>Videotaltiointi T\u00c4YDELLINEN PAISTI<\/strong> \/ Prosak-proosaklubi, Leena Parkkinen haastattelee 2012<\/a><\/p>\n\n\n\n<p><a href=\"https:\/\/areena.yle.fi\/1-1344546\"><strong>Televisiohaastattelu T\u00c4YDELLINEN PAISTI<\/strong> \/ YLE Aamun kirja, Seppo Puttonen ja Nadja Nowak haastattelevat 2011<\/a><\/p>\n\n\n\n<p><a href=\"https:\/\/areena.yle.fi\/1-1358714\"><strong>Radiohaastattelu T\u00c4YDELLINEN PAISTI<\/strong> \/ YLE Viikon kirja, Nadja Nowak haastattelee 2011<\/a><br><em>Ohjelman kuunteluaika on p\u00e4\u00e4ttynyt!<\/em><\/p>\n","protected":false},"excerpt":{"rendered":"<p>Rosebud-kirjakauppa Postitalo. P\u00e4ivi Koivisto haastatteli Rakastan vierasta -romaanista. Maaliskuu 2026. Oivallus, joka muutti el\u00e4m\u00e4si. YLE, toimittajana Marko Gustafsson 2024. Luomiskertomus. YLE, toimittajana Jouko Salokorpi 2023. Radiohaastattelu LUOMISTY\u00d6 \/ Pieni Karanteenikirjakerho, Taru Torikka haastattelee 2023. Youtube \/ Kritiikin Uutiset Helsingin virtuaalisilla kirjamessuilla \/ Kritiikin Uutisten p\u00e4\u00e4toimittaja Martti-Tapio Kuuskoski haastattelee 2020. Keskustelun aiheina ovat vuoden 2019 kirjallisuuden &hellip; <\/p>\n<p class=\"link-more\"><a href=\"https:\/\/www.satutaskinen.com\/de\/audio-video\/suomeksi\/\" class=\"more-link\"><span class=\"screen-reader-text\">\u201eSuomeksi\u201c <\/span>weiterlesen<\/a><\/p>\n","protected":false},"author":2,"featured_media":0,"parent":150,"menu_order":0,"comment_status":"closed","ping_status":"closed","template":"","meta":{"footnotes":""},"class_list":["post-183","page","type-page","status-publish","hentry"],"_links":{"self":[{"href":"https:\/\/www.satutaskinen.com\/de\/wp-json\/wp\/v2\/pages\/183","targetHints":{"allow":["GET"]}}],"collection":[{"href":"https:\/\/www.satutaskinen.com\/de\/wp-json\/wp\/v2\/pages"}],"about":[{"href":"https:\/\/www.satutaskinen.com\/de\/wp-json\/wp\/v2\/types\/page"}],"author":[{"embeddable":true,"href":"https:\/\/www.satutaskinen.com\/de\/wp-json\/wp\/v2\/users\/2"}],"replies":[{"embeddable":true,"href":"https:\/\/www.satutaskinen.com\/de\/wp-json\/wp\/v2\/comments?post=183"}],"version-history":[{"count":21,"href":"https:\/\/www.satutaskinen.com\/de\/wp-json\/wp\/v2\/pages\/183\/revisions"}],"predecessor-version":[{"id":1788,"href":"https:\/\/www.satutaskinen.com\/de\/wp-json\/wp\/v2\/pages\/183\/revisions\/1788"}],"up":[{"embeddable":true,"href":"https:\/\/www.satutaskinen.com\/de\/wp-json\/wp\/v2\/pages\/150"}],"wp:attachment":[{"href":"https:\/\/www.satutaskinen.com\/de\/wp-json\/wp\/v2\/media?parent=183"}],"curies":[{"name":"wp","href":"https:\/\/api.w.org\/{rel}","templated":true}]}}